{"id":18,"date":"2026-04-27T11:43:33","date_gmt":"2026-04-27T09:43:33","guid":{"rendered":"https:\/\/www.la-famille.org\/sud-rural\/?page_id=18"},"modified":"2026-04-29T10:48:43","modified_gmt":"2026-04-29T08:48:43","slug":"test","status":"publish","type":"page","link":"https:\/\/www.la-famille.org\/sud-rural\/test\/","title":{"rendered":"test"},"content":{"rendered":"<div class=\"et_pb_section_0 et_pb_section et_section_regular et_block_section\">\n<div class=\"et_pb_row_0 et_pb_row et_flex_row\">\n<div class=\"et_pb_column_0 et_pb_column et_flex_column et_pb_css_mix_blend_mode_passthrough et_flex_column_8_24 et_flex_column_8_24_tablet et_flex_column_24_24_phone\">\n<div class=\"et_pb_image_0 et_pb_image et_pb_module et_flex_module\"><span class=\"et_pb_image_wrap\"><img loading=\"lazy\" decoding=\"async\" src=\"https:\/\/www.la-famille.org\/sud-rural\/wp-content\/uploads\/2026\/04\/LogoSRT_VertRose_Grand.png\" title=\"LogoSRT_VertRose_Grand\" width=\"803\" height=\"426\" srcset=\"https:\/\/www.la-famille.org\/sud-rural\/wp-content\/uploads\/2026\/04\/LogoSRT_VertRose_Grand.png 803w, https:\/\/www.la-famille.org\/sud-rural\/wp-content\/uploads\/2026\/04\/LogoSRT_VertRose_Grand-480x255.png 480w\" sizes=\"(min-width: 0px) and (max-width: 480px) 480px, (min-width: 481px) 803px, 100vw\" class=\"wp-image-54\" \/><\/span><\/div>\n<\/div>\n\n<div class=\"et_pb_column_1 et_pb_column et_flex_column et_pb_column_empty et_pb_css_mix_blend_mode_passthrough et_flex_column_8_24 et_flex_column_8_24_tablet et_flex_column_24_24_phone\"><\/div>\n\n<div class=\"et_pb_column_2 et_pb_column et-last-child et_flex_column et_pb_css_mix_blend_mode_passthrough et_flex_column_8_24 et_flex_column_8_24_tablet et_flex_column_24_24_phone\">\n<div class=\"et_pb_search_0 et_pb_search et_pb_bg_layout_light et_pb_module et_flex_module\"><form class=\"et_pb_searchform\" method=\"get\" role=\"search\" action=\"https:\/\/www.la-famille.org\/sud-rural\/\"><div><label class=\"screen-reader-text\" for=\"s\">Rechercher :<\/label><input name=\"s\" class=\"et_pb_s\" type=\"text\" placeholder=\"\" value=\"\" \/><input name=\"et_pb_searchform_submit\" type=\"hidden\" value=\"et_search_process\" \/><input name=\"et_pb_include_pages\" type=\"hidden\" value=\"yes\" \/><input name=\"et_pb_include_posts\" type=\"hidden\" value=\"yes\" \/><input class=\"et_pb_searchsubmit\" type=\"submit\" value=\"Rechercher\" \/><\/div><\/form><\/div>\n<\/div>\n<\/div>\n\n<div class=\"et_pb_row_1 et_pb_row et_flex_row\">\n<div class=\"et_pb_column_3 et_pb_column et-last-child et_flex_column et_pb_css_mix_blend_mode_passthrough et_flex_column_24_24 et_flex_column_24_24_tablet et_flex_column_24_24_phone\">\n<div class=\"et_pb_image_1 et_pb_image et_pb_module et_flex_module\"><span class=\"et_pb_image_wrap\"><img loading=\"lazy\" decoding=\"async\" src=\"https:\/\/www.la-famille.org\/sud-rural\/wp-content\/uploads\/2026\/04\/AdobeStock_630258534-scaled-e1777300272951.jpeg\" title=\"young crowd in protest demonstration - group of activists in march with raised fist\" width=\"2560\" height=\"695\" srcset=\"https:\/\/www.la-famille.org\/sud-rural\/wp-content\/uploads\/2026\/04\/AdobeStock_630258534-scaled-e1777300272951.jpeg 2560w, https:\/\/www.la-famille.org\/sud-rural\/wp-content\/uploads\/2026\/04\/AdobeStock_630258534-scaled-e1777300272951-1280x695.jpeg 1280w, https:\/\/www.la-famille.org\/sud-rural\/wp-content\/uploads\/2026\/04\/AdobeStock_630258534-scaled-e1777300272951-980x551.jpeg 980w, https:\/\/www.la-famille.org\/sud-rural\/wp-content\/uploads\/2026\/04\/AdobeStock_630258534-scaled-e1777300272951-480x270.jpeg 480w\" sizes=\"(min-width: 0px) and (max-width: 480px) 480px, (min-width: 481px) and (max-width: 980px) 980px, (min-width: 981px) and (max-width: 1280px) 1280px, (min-width: 1281px) 2560px, 100vw\" class=\"wp-image-34\" \/><\/span><\/div>\n\n<div class=\"et_pb_text_0 et_pb_text et_pb_bg_layout_light et_pb_module et_flex_module\"><div class=\"et_pb_text_inner\"><p>Le champ de syndicalisation de SUD RURAL TERRITOIRES est constitu\u00e9, dans le respect des champs de syndicalisation des autres syndicats de l\u2019Union Syndicale <a href=\"https:\/\/solidaires.org\/\"><strong>SOLIDAIRES<\/strong><\/a>, par les agents travaillant dans\u00a0:<\/p>\n<ul>\n<li>les services centraux et d\u00e9concentr\u00e9s du <strong>minist\u00e8re de l\u2019<\/strong><strong>agriculture, de l\u2019agroalimentaire et de la for\u00eat,<\/strong><\/li>\n<li>les services centraux et d\u00e9concentr\u00e9s du <strong>minist\u00e8re de l\u2019<\/strong><strong>\u00e9cologie, du d\u00e9veloppement durable et de l\u2019\u00e9nergie,<\/strong><\/li>\n<li>les directions interminist\u00e9rielles d\u00e9partementales en charge de missions \u00e9manant des minist\u00e8res de l\u2019agriculture ou de l\u2019environnement,<\/li>\n<li>l\u2019enseignement agricole public, les lyc\u00e9es maritimes et aquacoles,<\/li>\n<li>l\u2019enseignement sup\u00e9rieur et les \u00e9tablissements de recherche \u00e9manant des minist\u00e8res de l\u2019agriculture ou de l\u2019environnement,<\/li>\n<li>les \u00e9tablissements publics sous tutelle partielle ou totale de ces deux minist\u00e8res,<\/li>\n<li>tous les agents de la fonction publique d\u2019\u00c9tat, ou d\u2019une communaut\u00e9 de travail d\u00e9pendant de l\u2019\u00c9tat, assurant des missions d\u2019agriculture ou d\u2019environnement.<\/li>\n<\/ul>\n<\/div><\/div>\n<\/div>\n<\/div>\n\n<div class=\"et_pb_row_2 et_pb_row et_flex_row\">\n<div class=\"et_pb_column_4 et_pb_column et-last-child et_flex_column et_pb_css_mix_blend_mode_passthrough et_flex_column_24_24 et_flex_column_24_24_tablet et_flex_column_24_24_phone\">\n<div class=\"et_pb_text_1 et_pb_text et_pb_bg_layout_light et_pb_module et_flex_module\"><div class=\"et_pb_text_inner\"><h2>Actualit\u00e9<\/h2>\n<\/div><\/div>\n<\/div>\n<\/div>\n\n<div class=\"et_pb_row_3 et_pb_row et_block_row\">\n<div class=\"et_pb_column_5 et_pb_column et_pb_column_4_4 et-last-child et_block_column et_pb_css_mix_blend_mode_passthrough\">\n<div class=\"et_pb_text_2 et_pb_text et_pb_bg_layout_light et_pb_module et_block_module\"><div class=\"et_pb_text_inner\">    <div class=\"lpg-grid\" style=\"gap:20px;grid-template-columns:repeat(4,1fr)\">\n            <a href=\"https:\/\/www.la-famille.org\/sud-rural\/2026\/04\/27\/on-vous-ecrit-pas-depuis-le-groenland\/\"\n           class=\"lpg-card\"\n           aria-label=\"On vous \u00e9crit, pas depuis le Groenland\"\n           data-post-id=\"36\"\n           data-color1=\"#603853\"\n           data-color2=\"#ed21c7\"\n           data-noise=\"10\"\n           data-src=\"https:\/\/www.la-famille.org\/sud-rural\/wp-content\/uploads\/2026\/04\/naissance-poussins-1024x535.webp\">\n\n                            <canvas class=\"lpg-card__canvas\"><\/canvas>\n            \n                            <img decoding=\"async\" class=\"lpg-card__original\"\n                     src=\"https:\/\/www.la-famille.org\/sud-rural\/wp-content\/uploads\/2026\/04\/naissance-poussins-1024x535.webp\"\n                     alt=\"\"\n                     loading=\"lazy\">\n            \n                        <div class=\"lpg-card__tags\">\n                                    <span class=\"lpg-card__tag\">Communiqu\u00e9<\/span>\n                            <\/div>\n            \n            <div class=\"lpg-card__content\">\n                <h3 class=\"lpg-card__title\"\n                    style=\"font-size:9cqi;line-height:0.95\">\n                    On vous \u00e9crit, pas depuis le Groenland                <\/h3>\n                <hr class=\"lpg-card__separator\">\n                <time class=\"lpg-card__date\">27\/04\/2026<\/time>\n            <\/div>\n        <\/a>\n            <a href=\"https:\/\/www.la-famille.org\/sud-rural\/2026\/04\/27\/lextreme-droit-aboie-la-ministre-baisse-la-tete\/\"\n           class=\"lpg-card\"\n           aria-label=\"L\u2019extr\u00eame droit aboie, la ministre baisse la t\u00eate\"\n           data-post-id=\"33\"\n           data-color1=\"#603853\"\n           data-color2=\"#ed21c7\"\n           data-noise=\"10\"\n           data-src=\"https:\/\/www.la-famille.org\/sud-rural\/wp-content\/uploads\/2026\/04\/AdobeStock_630258534-scaled-e1777300272951-1024x278.jpeg\">\n\n                            <canvas class=\"lpg-card__canvas\"><\/canvas>\n            \n                            <img decoding=\"async\" class=\"lpg-card__original\"\n                     src=\"https:\/\/www.la-famille.org\/sud-rural\/wp-content\/uploads\/2026\/04\/AdobeStock_630258534-scaled-e1777300272951-1024x278.jpeg\"\n                     alt=\"\"\n                     loading=\"lazy\">\n            \n                        <div class=\"lpg-card__tags\">\n                                    <span class=\"lpg-card__tag\">\u00c9lan commun<\/span>\n                            <\/div>\n            \n            <div class=\"lpg-card__content\">\n                <h3 class=\"lpg-card__title\"\n                    style=\"font-size:9cqi;line-height:0.95\">\n                    L\u2019extr\u00eame droit aboie, la ministre baisse la t\u00eate                <\/h3>\n                <hr class=\"lpg-card__separator\">\n                <time class=\"lpg-card__date\">27\/04\/2026<\/time>\n            <\/div>\n        <\/a>\n            <a href=\"https:\/\/www.la-famille.org\/sud-rural\/2026\/04\/27\/deces-deleves-dans-le-cadre-de-stages\/\"\n           class=\"lpg-card\"\n           aria-label=\"D\u00e9c\u00e8s d\u2019\u00e9l\u00e8ves dans le cadre de stages\"\n           data-post-id=\"15\"\n           data-color1=\"#603853\"\n           data-color2=\"#ed21c7\"\n           data-noise=\"10\"\n           data-src=\"https:\/\/www.la-famille.org\/sud-rural\/wp-content\/uploads\/2026\/04\/Capture-decran-2026-04-27-112742.png\">\n\n                            <canvas class=\"lpg-card__canvas\"><\/canvas>\n            \n                            <img decoding=\"async\" class=\"lpg-card__original\"\n                     src=\"https:\/\/www.la-famille.org\/sud-rural\/wp-content\/uploads\/2026\/04\/Capture-decran-2026-04-27-112742.png\"\n                     alt=\"\"\n                     loading=\"lazy\">\n            \n                        <div class=\"lpg-card__tags\">\n                                    <span class=\"lpg-card__tag\">Enseignement Agricole Public<\/span>\n                            <\/div>\n            \n            <div class=\"lpg-card__content\">\n                <h3 class=\"lpg-card__title\"\n                    style=\"font-size:9cqi;line-height:0.95\">\n                    D\u00e9c\u00e8s d\u2019\u00e9l\u00e8ves dans le cadre de stages                <\/h3>\n                <hr class=\"lpg-card__separator\">\n                <time class=\"lpg-card__date\">27\/04\/2026<\/time>\n            <\/div>\n        <\/a>\n            <a href=\"https:\/\/www.la-famille.org\/sud-rural\/2026\/04\/27\/lettre-ouverte-aux-ministres-mobilites-dans-les-ddi\/\"\n           class=\"lpg-card\"\n           aria-label=\"Lettre ouverte aux ministres \u2013 Mobilit\u00e9s dans les DDI\"\n           data-post-id=\"13\"\n           data-color1=\"#603853\"\n           data-color2=\"#ed21c7\"\n           data-noise=\"10\"\n           data-src=\"https:\/\/www.la-famille.org\/sud-rural\/wp-content\/uploads\/2026\/04\/AdobeStock_501558237-1024x540.jpeg\">\n\n                            <canvas class=\"lpg-card__canvas\"><\/canvas>\n            \n                            <img decoding=\"async\" class=\"lpg-card__original\"\n                     src=\"https:\/\/www.la-famille.org\/sud-rural\/wp-content\/uploads\/2026\/04\/AdobeStock_501558237-1024x540.jpeg\"\n                     alt=\"\"\n                     loading=\"lazy\">\n            \n                        <div class=\"lpg-card__tags\">\n                                    <span class=\"lpg-card__tag\">DDI<\/span>\n                                    <span class=\"lpg-card__tag\">Environnement<\/span>\n                            <\/div>\n            \n            <div class=\"lpg-card__content\">\n                <h3 class=\"lpg-card__title\"\n                    style=\"font-size:9cqi;line-height:0.95\">\n                    Lettre ouverte aux ministres \u2013 Mobilit\u00e9s dans les DDI                <\/h3>\n                <hr class=\"lpg-card__separator\">\n                <time class=\"lpg-card__date\">27\/04\/2026<\/time>\n            <\/div>\n        <\/a>\n        <\/div>\n    \n<\/div><\/div>\n<\/div>\n<\/div>\n<\/div>","protected":false},"excerpt":{"rendered":"","protected":false},"author":1,"featured_media":0,"parent":0,"menu_order":0,"comment_status":"closed","ping_status":"closed","template":"","meta":{"footnotes":""},"class_list":["post-18","page","type-page","status-publish","hentry"],"_links":{"self":[{"href":"https:\/\/www.la-famille.org\/sud-rural\/wp-json\/wp\/v2\/pages\/18","targetHints":{"allow":["GET"]}}],"collection":[{"href":"https:\/\/www.la-famille.org\/sud-rural\/wp-json\/wp\/v2\/pages"}],"about":[{"href":"https:\/\/www.la-famille.org\/sud-rural\/wp-json\/wp\/v2\/types\/page"}],"author":[{"embeddable":true,"href":"https:\/\/www.la-famille.org\/sud-rural\/wp-json\/wp\/v2\/users\/1"}],"replies":[{"embeddable":true,"href":"https:\/\/www.la-famille.org\/sud-rural\/wp-json\/wp\/v2\/comments?post=18"}],"version-history":[{"count":18,"href":"https:\/\/www.la-famille.org\/sud-rural\/wp-json\/wp\/v2\/pages\/18\/revisions"}],"predecessor-version":[{"id":57,"href":"https:\/\/www.la-famille.org\/sud-rural\/wp-json\/wp\/v2\/pages\/18\/revisions\/57"}],"wp:attachment":[{"href":"https:\/\/www.la-famille.org\/sud-rural\/wp-json\/wp\/v2\/media?parent=18"}],"curies":[{"name":"wp","href":"https:\/\/api.w.org\/{rel}","templated":true}]}}